{"id":43,"date":"2018-02-11T14:00:22","date_gmt":"2018-02-11T14:00:22","guid":{"rendered":"http:\/\/147.213.197.200\/wordpress\/?page_id=43"},"modified":"2026-02-18T14:45:09","modified_gmt":"2026-02-18T14:45:09","slug":"2-dani","status":"publish","type":"page","link":"http:\/\/147.213.197.200\/wordpress\/2-dani\/","title":{"rendered":"2% dan\u00ed"},"content":{"rendered":"\r\n<p><strong>Inform\u00e1cie potrebn\u00e9 k pouk\u00e1zaniu 2% z dan\u00ed.<\/strong><\/p>\r\n\r\n\r\n\r\n<p>Zdru\u017eenie pre podporu neurovedn\u00e9ho v\u00fdskumu je registrovan\u00e9 pre prij\u00edmanie 2% z dan\u00ed z roku 2025 v <a href=\"https:\/\/www.notar.sk\/poberatel\/?actId=68ff4a84aa56ba04e44a7b83\">ofici\u00e1lnom zozname Not\u00e1rskej komory Slovenskej republiky <\/a>.<\/p>\r\n\r\n\r\n\r\n<p><a href=\"http:\/\/147.213.197.200\/wordpress\/wp-content\/uploads\/2026\/02\/podpora_vedy_2026.pdf\">Let\u00e1k so \u017eiados\u0165ou a inform\u00e1ciami pre darovanie 2% z dan\u00ed<\/a>\u00a0 [pdf]<\/p>\r\n\r\n\r\n\r\n<p><a href=\"http:\/\/147.213.197.200\/wordpress\/wp-content\/uploads\/2026\/02\/Vyhlasenie2026.pdf\">Vyhl\u00e1senie o pouk\u00e1zan\u00ed podielu zaplatenej dane z pr\u00edjmov<\/a> [pdf]<br \/>Alebo online editovate\u013en\u00fd formul\u00e1r <a href=\"https:\/\/pfseform.financnasprava.sk\/Formulare\/eFormVzor\/DP\/form.623.html\">Vyhl\u00e1senia o pouk\u00e1zan\u00ed &#8230;<\/a><\/p>\r\n\r\n\r\n\r\n\r\n\r\n<p><strong><br \/><span style=\"color: #000080;\">\u00dadaje potrebn\u00e9 pre pouk\u00e1zanie 2% z dan\u00ed:<\/span><\/strong><\/p>\r\n<p><span style=\"color: #000080;\"><strong>I\u010cO:<\/strong>\u00a0\u00a0<\/span>\u00a0 50487205<br \/><span style=\"color: #000080;\"><strong>N\u00e1zov:<\/strong><\/span> \u00a0\u00a0 Zdru\u017eenie pre podporu neurovedn\u00e9ho v\u00fdskumu<br \/><br \/><\/p>\r\n\r\n\r\n","protected":false},"excerpt":{"rendered":"<p>Inform\u00e1cie potrebn\u00e9 k pouk\u00e1zaniu 2% z dan\u00ed. Zdru\u017eenie pre podporu neurovedn\u00e9ho v\u00fdskumu je registrovan\u00e9 pre prij\u00edmanie 2% z dan\u00ed z roku 2025 v ofici\u00e1lnom zozname Not\u00e1rskej komory Slovenskej republiky . Let\u00e1k so \u017eiados\u0165ou a inform\u00e1ciami pre darovanie 2% z dan\u00ed\u00a0 [pdf] Vyhl\u00e1senie o pouk\u00e1zan\u00ed podielu zaplatenej dane z pr\u00edjmov [pdf]Alebo online editovate\u013en\u00fd formul\u00e1r Vyhl\u00e1senia o &hellip; <a href=\"http:\/\/147.213.197.200\/wordpress\/2-dani\/\" class=\"more-link\">Pokra\u010dova\u0165 na <span class=\"screen-reader-text\">2% dan\u00ed<\/span> <span class=\"meta-nav\">&rarr;<\/span><\/a><\/p>\n","protected":false},"author":1,"featured_media":0,"parent":0,"menu_order":0,"comment_status":"closed","ping_status":"closed","template":"","meta":[],"_links":{"self":[{"href":"http:\/\/147.213.197.200\/wordpress\/wp-json\/wp\/v2\/pages\/43"}],"collection":[{"href":"http:\/\/147.213.197.200\/wordpress\/wp-json\/wp\/v2\/pages"}],"about":[{"href":"http:\/\/147.213.197.200\/wordpress\/wp-json\/wp\/v2\/types\/page"}],"author":[{"embeddable":true,"href":"http:\/\/147.213.197.200\/wordpress\/wp-json\/wp\/v2\/users\/1"}],"replies":[{"embeddable":true,"href":"http:\/\/147.213.197.200\/wordpress\/wp-json\/wp\/v2\/comments?post=43"}],"version-history":[{"count":38,"href":"http:\/\/147.213.197.200\/wordpress\/wp-json\/wp\/v2\/pages\/43\/revisions"}],"predecessor-version":[{"id":161,"href":"http:\/\/147.213.197.200\/wordpress\/wp-json\/wp\/v2\/pages\/43\/revisions\/161"}],"wp:attachment":[{"href":"http:\/\/147.213.197.200\/wordpress\/wp-json\/wp\/v2\/media?parent=43"}],"curies":[{"name":"wp","href":"https:\/\/api.w.org\/{rel}","templated":true}]}}